{"id":15,"date":"2021-11-21T15:14:41","date_gmt":"2021-11-21T18:14:41","guid":{"rendered":"https:\/\/estudioscoreanos.com\/index.php\/services\/"},"modified":"2025-12-21T18:31:30","modified_gmt":"2025-12-21T21:31:30","slug":"services","status":"publish","type":"page","link":"https:\/\/estudioscoreanos.com\/index.php\/services\/","title":{"rendered":"Miembros"},"content":{"rendered":"\t\t<div data-elementor-type=\"wp-page\" data-elementor-id=\"15\" class=\"elementor elementor-15\">\n\t\t\t\t\t\t<section class=\"elementor-section elementor-top-section elementor-element elementor-element-1d06233 elementor-section-boxed elementor-section-height-default elementor-section-height-default\" data-id=\"1d06233\" data-element_type=\"section\">\n\t\t\t\t\t\t<div class=\"elementor-container elementor-column-gap-default\">\n\t\t\t\t\t<div class=\"elementor-column elementor-col-100 elementor-top-column elementor-element elementor-element-b2f4d5c\" data-id=\"b2f4d5c\" data-element_type=\"column\">\n\t\t\t<div class=\"elementor-widget-wrap elementor-element-populated\">\n\t\t\t\t\t\t<div class=\"elementor-element elementor-element-09b5a37 elementor-widget elementor-widget-spacer\" data-id=\"09b5a37\" data-element_type=\"widget\" data-widget_type=\"spacer.default\">\n\t\t\t\t<div class=\"elementor-widget-container\">\n\t\t\t\t\t\t\t<div class=\"elementor-spacer\">\n\t\t\t<div class=\"elementor-spacer-inner\"><\/div>\n\t\t<\/div>\n\t\t\t\t\t\t<\/div>\n\t\t\t\t<\/div>\n\t\t\t\t\t<\/div>\n\t\t<\/div>\n\t\t\t\t\t<\/div>\n\t\t<\/section>\n\t\t\t\t<section class=\"elementor-section elementor-top-section elementor-element elementor-element-914b827 elementor-section-boxed elementor-section-height-default elementor-section-height-default\" data-id=\"914b827\" data-element_type=\"section\">\n\t\t\t\t\t\t<div class=\"elementor-container elementor-column-gap-default\">\n\t\t\t\t\t<div class=\"elementor-column elementor-col-33 elementor-top-column elementor-element elementor-element-47cbe4e\" data-id=\"47cbe4e\" data-element_type=\"column\">\n\t\t\t<div class=\"elementor-widget-wrap elementor-element-populated\">\n\t\t\t\t\t\t<div class=\"elementor-element elementor-element-6795418 elementor-widget elementor-widget-image\" data-id=\"6795418\" data-element_type=\"widget\" data-widget_type=\"image.default\">\n\t\t\t\t<div class=\"elementor-widget-container\">\n\t\t\t\t\t\t\t\t\t\t\t\t\t\t\t<img decoding=\"async\" width=\"180\" height=\"188\" src=\"https:\/\/estudioscoreanos.com\/wp-content\/uploads\/2025\/12\/Luciano-Lanare2.jpg\" class=\"attachment-medium size-medium wp-image-2861\" alt=\"\" \/>\t\t\t\t\t\t\t\t\t\t\t\t\t\t\t<\/div>\n\t\t\t\t<\/div>\n\t\t\t\t\t<\/div>\n\t\t<\/div>\n\t\t\t\t<div class=\"elementor-column elementor-col-66 elementor-top-column elementor-element elementor-element-f86c56c\" data-id=\"f86c56c\" data-element_type=\"column\">\n\t\t\t<div class=\"elementor-widget-wrap elementor-element-populated\">\n\t\t\t\t\t\t<div class=\"elementor-element elementor-element-648e8ef elementor-widget elementor-widget-text-editor\" data-id=\"648e8ef\" data-element_type=\"widget\" data-widget_type=\"text-editor.default\">\n\t\t\t\t<div class=\"elementor-widget-container\">\n\t\t\t\t\t\t\t\t\t<div data-hook=\"bgLayers\"><div>\u00a0<span style=\"font-size: 1rem; font-style: inherit; font-weight: bold;\">Mgtr.\u00a0<\/span><b style=\"color: var(--ast-global-color-3); font-size: 1rem; font-style: inherit;\">Luciano Mart\u00edn Lanare\u00a0<\/b><\/div><\/div><div data-mesh-id=\"comp-kw7x732w__item-kw7x8xcvinlineContent\" data-testid=\"inline-content\"><div data-mesh-id=\"comp-kw7x732w__item-kw7x8xcvinlineContent-gridContainer\" data-testid=\"mesh-container-content\"><div data-testid=\"richTextElement\"><p><i>Presidente<\/i><\/p><p><span style=\"font-style: inherit; font-weight: inherit; color: var(--ast-global-color-3);\">\u00a0<\/span><\/p><p><span style=\"font-family: Lora; color: #222222; background-image: initial; background-position: initial; background-size: initial; background-repeat: initial; background-attachment: initial; background-origin: initial; background-clip: initial;\">\u00a0<\/span><span style=\"font-size: 1rem;\">Profesor en Historia por la Universidad Nacional de La Plata (UNLP). Mag\u00edster en Ciencias Sociales por la Universidad Nacional del Centro de la Provincia de Buenos Aires (UNICEN). Doctorando en Historia por la UNLP. Presidente de la Asociaci\u00f3n Argentina de Estudios Coreanos (AAEC) para el periodo 2025-2027. Docente de la C\u00e1tedra de Historia de Asia y \u00c1frica de la Facultad de Humanidades y Ciencias de la Educaci\u00f3n de la UNLP y de la materia Historia de Asia y \u00c1frica de la Universidad Nacional Madres de Plaza de Mayo (UNMa). Docente temporal en la Maestr\u00eda Problemas de historia asi\u00e1tica: Jap\u00f3n y Corea de la Universidad de Buenos Aires (UBA). Profesor del Instituto de Educaci\u00f3n Superior y T\u00e9cnica Nro. 10 de Tandil para las materias de Problemas de Asia y \u00c1frica I y II. Tambi\u00e9n, ha dictado seminarios sobre Asia y \u00c1frica en la UNICEN (a\u00f1os 2018\/2025).<\/span><\/p><p>\u00a0<\/p><p>Miembro del Centro de Estudios Coreanos que depende del Departamento de Asia y el Pac\u00edfico del Instituto de Relaciones Internacionales de la UNLP (periodo 2004- 2014). Secretario del Departamento de Asia y el Pac\u00edfico del IRI- UNLP (periodo 2012-2014). Coordinador del Departamento de Historia del IRI-UNLP (periodo 2012- 2014).<\/p><p>Autor del libro \u201cEl milagro surcoreano y la clase obrera en el proceso de industrializaci\u00f3n acelerada 1962-1986\u201d publicado en el a\u00f1o 2025 por la Editorial UNICEN. Obtenci\u00f3n de la \u201cMenci\u00f3n Especial\u201d en el Concurso Monogr\u00e1fico \u201cCorea en el Mundo. Historia y Actualidad\u201d (marzo 2005). Becado para realizar un curso sobre econom\u00eda, cultura e historia coreana en la Rep\u00fablica de Corea, invitaci\u00f3n realizada por el Gobierno surcoreano a estudiantes de los pa\u00edses ABC y BRIC\u00b4s. Tambi\u00e9n, ha escrito y publicado numerosos art\u00edculos acad\u00e9micos sobre la pen\u00ednsula coreana en revistas y libros de Argentina, Am\u00e9rica Latina, los EE. UU y Corea del Sur.<\/p><\/div><\/div><\/div>\t\t\t\t\t\t\t\t<\/div>\n\t\t\t\t<\/div>\n\t\t\t\t\t<\/div>\n\t\t<\/div>\n\t\t\t\t\t<\/div>\n\t\t<\/section>\n\t\t\t\t<section class=\"elementor-section elementor-top-section elementor-element elementor-element-a6717d4 elementor-section-boxed elementor-section-height-default elementor-section-height-default\" data-id=\"a6717d4\" data-element_type=\"section\">\n\t\t\t\t\t\t<div class=\"elementor-container elementor-column-gap-default\">\n\t\t\t\t\t<div class=\"elementor-column elementor-col-100 elementor-top-column elementor-element elementor-element-5ec6bd0\" data-id=\"5ec6bd0\" data-element_type=\"column\">\n\t\t\t<div class=\"elementor-widget-wrap elementor-element-populated\">\n\t\t\t\t\t\t<div class=\"elementor-element elementor-element-4dfcc76 elementor-widget-divider--view-line elementor-widget elementor-widget-divider\" data-id=\"4dfcc76\" data-element_type=\"widget\" data-widget_type=\"divider.default\">\n\t\t\t\t<div class=\"elementor-widget-container\">\n\t\t\t\t\t\t\t<div class=\"elementor-divider\">\n\t\t\t<span class=\"elementor-divider-separator\">\n\t\t\t\t\t\t<\/span>\n\t\t<\/div>\n\t\t\t\t\t\t<\/div>\n\t\t\t\t<\/div>\n\t\t\t\t\t<\/div>\n\t\t<\/div>\n\t\t\t\t\t<\/div>\n\t\t<\/section>\n\t\t\t\t<section class=\"elementor-section elementor-top-section elementor-element elementor-element-7f15083 elementor-section-boxed elementor-section-height-default elementor-section-height-default\" data-id=\"7f15083\" data-element_type=\"section\">\n\t\t\t\t\t\t<div class=\"elementor-container elementor-column-gap-default\">\n\t\t\t\t\t<div class=\"elementor-column elementor-col-33 elementor-top-column elementor-element elementor-element-c4a00f9\" data-id=\"c4a00f9\" data-element_type=\"column\">\n\t\t\t<div class=\"elementor-widget-wrap elementor-element-populated\">\n\t\t\t\t\t\t<div class=\"elementor-element elementor-element-f06d883 elementor-widget elementor-widget-image\" data-id=\"f06d883\" data-element_type=\"widget\" data-widget_type=\"image.default\">\n\t\t\t\t<div class=\"elementor-widget-container\">\n\t\t\t\t\t\t\t\t\t\t\t\t\t\t\t<img decoding=\"async\" width=\"150\" height=\"150\" src=\"https:\/\/estudioscoreanos.com\/wp-content\/uploads\/2025\/10\/Castiglione3-150x150.jpg\" class=\"attachment-thumbnail size-thumbnail wp-image-2843\" alt=\"\" \/>\t\t\t\t\t\t\t\t\t\t\t\t\t\t\t<\/div>\n\t\t\t\t<\/div>\n\t\t\t\t\t<\/div>\n\t\t<\/div>\n\t\t\t\t<div class=\"elementor-column elementor-col-66 elementor-top-column elementor-element elementor-element-fb0753d\" data-id=\"fb0753d\" data-element_type=\"column\">\n\t\t\t<div class=\"elementor-widget-wrap elementor-element-populated\">\n\t\t\t\t\t\t<div class=\"elementor-element elementor-element-cdeaaf9 elementor-widget elementor-widget-text-editor\" data-id=\"cdeaaf9\" data-element_type=\"widget\" data-widget_type=\"text-editor.default\">\n\t\t\t\t<div class=\"elementor-widget-container\">\n\t\t\t\t\t\t\t\t\t<p style=\"margin: 0cm; text-align: justify; background-image: initial; background-position: initial; background-size: initial; background-repeat: initial; background-attachment: initial; background-origin: initial; background-clip: initial;\"><span class=\"wixui-rich-texttext\"><b><span style=\"font-size: 13.5pt; font-family: Lora; color: black; mso-color-alt: windowtext; border: none windowtext 1.0pt; mso-border-alt: none windowtext 0cm; padding: 0cm;\">Dra.\u00a0<\/span><span style=\"outline: 0px;\">Mar\u00eda<\/span><span style=\"outline: 0px;\">\u00a0Celeste Castiglione<\/span><\/b><\/span><\/p><p class=\"font8\" style=\"margin: 0cm; text-align: justify; color: rgb(var(--color_19)); pointer-events: auto; margin-block: 0px;\"><span style=\"outline: 0px;\"><span class=\"wixui-rich-texttext\"><i><span style=\"font-family: Lora; border: none windowtext 1.0pt; mso-border-alt: none windowtext 0cm; padding: 0cm;\">Vicepresidenta<\/span><\/i><\/span><\/span><\/p><p class=\"font8\" style=\"margin: 0cm; text-align: justify; color: rgb(var(--color_19)); pointer-events: auto; margin-block: 0px;\"><span lang=\"ES\">\u00a0<\/span><\/p><p>\u00a0<\/p><p class=\"font8\" style=\"margin: 0cm; text-align: justify; color: rgb(var(--color_19)); pointer-events: auto; margin-block: 0px;\"><span lang=\"ES\" style=\"font-family: Lora; mso-ansi-language: ES;\">\u00a0Licenciada en Ciencia Pol\u00edtica (FSOC-UBA) y en Sociolog\u00eda (FSOC-UBA), Posgrado en Ciencia Pol\u00edtica y Sociolog\u00eda (FLACSO) y doctora en Ciencias Sociales (UBA). Es investigadora Independiente de CONICET, con lugar de trabajo en el Instituto de Investigaciones en Contextos de Desigualdades (IESCODE) de la Universidad Nacional de Jos\u00e9 C. Paz (UNPAZ) donde dirige proyectos de investigaci\u00f3n vinculados a las migraciones y coordina el\u00a0<i>N\u00facleo: Pol\u00edticas de la memoria, identidades y Derechos Humanos<\/i>. Co-dirige la Diplomatura en estudios de la muerte y los cementerios (FHCS-UNPSJB) y profesora de la Facultad de Derecho de la UBA, dicta seminarios de posgrado y doctorado en la UNPAZ, UNPA y es investigadora del Instituto de Investigaciones \u201cGino Germani\u201d (FSOC-UBA) y de la UNLP. Presidenta de la Asociaci\u00f3n Argentina de Estudios Coreanos (AAEC) (2021-2023) y Vicepresidenta en el presente per\u00edodo. Ha concurrido como invitada y expositora a congresos relacionados con el campo migratorio y publicado art\u00edculos en revistas nacionales e internacionales. Es autora de los libros\u00a0<\/span><i style=\"font-size: 1rem;\"><span style=\"font-family: Lora;\">La gota que horada la piedra. Los migrantes en la prensa escrita argentina (1999-2007)<\/span><\/i><span style=\"font-family: Lora;\">\u00a0(Saarbr\u00fccken, 2011)\u00a0<i>\u201cRelatos migrantes. Historias de vida y muerte en Jos\u00e9 C. Paz\u201d\u00a0<\/i>(EDUNPAZ, 2019), \u201cDonde lo te\u00f3rico se estrella\u201d (EDUNPAZ, 2020) y co-compiladora del libro\u00a0<i>Morir no es poco. Estudios sobre la muerte y los cementerios<\/i>\u00a0(Ediciones Continente, 2018) y el II (Autores de Argentina, 2022),\u00a0<i>Narraciones de la di\u00e1spora vasca. Memorias intergeneracionales de madres e hijas desde Jos\u00e9 C. Paz<\/i>, junto a Noelia Villarroel, (EDUNPAZ, 2023).<\/span><\/p>\t\t\t\t\t\t\t\t<\/div>\n\t\t\t\t<\/div>\n\t\t\t\t\t<\/div>\n\t\t<\/div>\n\t\t\t\t\t<\/div>\n\t\t<\/section>\n\t\t\t\t<section class=\"elementor-section elementor-top-section elementor-element elementor-element-4979eac elementor-section-boxed elementor-section-height-default elementor-section-height-default\" data-id=\"4979eac\" data-element_type=\"section\">\n\t\t\t\t\t\t<div class=\"elementor-container elementor-column-gap-default\">\n\t\t\t\t\t<div class=\"elementor-column elementor-col-100 elementor-top-column elementor-element elementor-element-8b0510d\" data-id=\"8b0510d\" data-element_type=\"column\">\n\t\t\t<div class=\"elementor-widget-wrap elementor-element-populated\">\n\t\t\t\t\t\t<div class=\"elementor-element elementor-element-a23348c elementor-widget-divider--view-line elementor-widget elementor-widget-divider\" data-id=\"a23348c\" data-element_type=\"widget\" data-widget_type=\"divider.default\">\n\t\t\t\t<div class=\"elementor-widget-container\">\n\t\t\t\t\t\t\t<div class=\"elementor-divider\">\n\t\t\t<span class=\"elementor-divider-separator\">\n\t\t\t\t\t\t<\/span>\n\t\t<\/div>\n\t\t\t\t\t\t<\/div>\n\t\t\t\t<\/div>\n\t\t\t\t\t<\/div>\n\t\t<\/div>\n\t\t\t\t\t<\/div>\n\t\t<\/section>\n\t\t\t\t<section class=\"elementor-section elementor-top-section elementor-element elementor-element-966e88f elementor-section-boxed elementor-section-height-default elementor-section-height-default\" data-id=\"966e88f\" data-element_type=\"section\">\n\t\t\t\t\t\t<div class=\"elementor-container elementor-column-gap-default\">\n\t\t\t\t\t<div class=\"elementor-column elementor-col-33 elementor-top-column elementor-element elementor-element-1f22b74\" data-id=\"1f22b74\" data-element_type=\"column\">\n\t\t\t<div class=\"elementor-widget-wrap elementor-element-populated\">\n\t\t\t\t\t\t<div class=\"elementor-element elementor-element-289a002 elementor-widget elementor-widget-image\" data-id=\"289a002\" data-element_type=\"widget\" data-widget_type=\"image.default\">\n\t\t\t\t<div class=\"elementor-widget-container\">\n\t\t\t\t\t\t\t\t\t\t\t\t\t\t\t<img decoding=\"async\" width=\"150\" height=\"150\" src=\"https:\/\/estudioscoreanos.com\/wp-content\/uploads\/2025\/12\/Cecilia-Rubio-150x150.jpg\" class=\"attachment-thumbnail size-thumbnail wp-image-2862\" alt=\"\" \/>\t\t\t\t\t\t\t\t\t\t\t\t\t\t\t<\/div>\n\t\t\t\t<\/div>\n\t\t\t\t\t<\/div>\n\t\t<\/div>\n\t\t\t\t<div class=\"elementor-column elementor-col-66 elementor-top-column elementor-element elementor-element-b3bcf12\" data-id=\"b3bcf12\" data-element_type=\"column\">\n\t\t\t<div class=\"elementor-widget-wrap elementor-element-populated\">\n\t\t\t\t\t\t<div class=\"elementor-element elementor-element-4926e6f elementor-widget elementor-widget-text-editor\" data-id=\"4926e6f\" data-element_type=\"widget\" data-widget_type=\"text-editor.default\">\n\t\t\t\t<div class=\"elementor-widget-container\">\n\t\t\t\t\t\t\t\t\t<p style=\"background: transparent; pointer-events: auto; font-style: normal; font-size: 16px; color: rgb(var(--color_19)); margin-block: 0px; margin-bottom: 0px; text-align: justify;\"><b>Lic. Cecilia Rubio<\/b><\/p><p style=\"background: transparent; pointer-events: auto; font-weight: 400; font-size: 16px; color: rgb(var(--color_19)); margin-block: 0px; margin-bottom: 0px; text-align: justify;\"><i>Secretaria<\/i><\/p><p style=\"background: transparent; pointer-events: auto; font-weight: 400; font-size: 16px; color: rgb(var(--color_19)); margin-block: 0px; margin-bottom: 0px; text-align: justify;\">\u00a0<\/p><p><span style=\"font-size: 11.0pt; line-height: 107%;\">Maestranda de la Maestr\u00eda en Gesti\u00f3n Tur\u00edstica del Patrimonio de la Universidad Nacional de Tres de Febrero (UNTREF). Licenciada en Relaciones Internacionales y Diplomada en Estudios Avanzados en Entornos Virtuales de Ense\u00f1anza y Aprendizaje por la Universidad Nacional de Rosario (UNR). Miembro de la Asociaci\u00f3n Argentina de Estudios Coreanos (AAEC). Actualmente es Subsecretaria Acad\u00e9mica, docente e investigadora de la Facultad de Ciencia Pol\u00edtica y Relaciones Internacionales de la UNR, donde integra el Grupo de Estudios sobre Turismo. Es profesora adjunta a cargo de la asignatura <\/span><span style=\"font-size: 11.0pt; line-height: 107%;\">Procesos Hist\u00f3ricos Mundiales y Patrimonio <\/span><span style=\"font-size: 11.0pt; line-height: 107%;\">de la Licenciatura en Turismo y docente de la asignatura <\/span><span style=\"font-size: 11.0pt; line-height: 107%;\">Historia de las Relaciones Internacionales Contempor\u00e1neas <\/span><span style=\"font-size: 11.0pt; line-height: 107%;\">de la Licenciatura en Relaciones Internacionales de la UNR. Asimismo, dicta clases en la Especializaci\u00f3n en Turismo Inteligente y del Ciclo de Complementaci\u00f3n Curricular de Licenciatura en Gesti\u00f3n de Negocios Internacionales de la UNR. Ha participado en proyectos de investigaci\u00f3n vinculados con Asia Oriental y ha sido expositora en diversos Congresos Nacionales e Internacionales. Sus l\u00edneas de investigaci\u00f3n abarcan la historia, la cultura, el patrimonio y la pol\u00edtica internacional, con especial atenci\u00f3n a la regi\u00f3n del Noreste Asi\u00e1tico. En el campo de los estudios coreanos, se ha centrado en las relaciones intercoreanas, la pol\u00edtica exterior de ambos Estados y sus v\u00ednculos con Argentina.<\/span><\/p><p style=\"background: transparent; pointer-events: auto; font-weight: 400; font-size: 16px; color: rgb(var(--color_19)); margin-block: 0px; margin-bottom: 0px; text-align: justify;\"><i>\u00a0<\/i><\/p><p>\u00a0<\/p>\t\t\t\t\t\t\t\t<\/div>\n\t\t\t\t<\/div>\n\t\t\t\t\t<\/div>\n\t\t<\/div>\n\t\t\t\t\t<\/div>\n\t\t<\/section>\n\t\t\t\t<section class=\"elementor-section elementor-top-section elementor-element elementor-element-64637f8 elementor-section-boxed elementor-section-height-default elementor-section-height-default\" data-id=\"64637f8\" data-element_type=\"section\">\n\t\t\t\t\t\t<div class=\"elementor-container elementor-column-gap-default\">\n\t\t\t\t\t<div class=\"elementor-column elementor-col-100 elementor-top-column elementor-element elementor-element-42d2eca\" data-id=\"42d2eca\" data-element_type=\"column\">\n\t\t\t<div class=\"elementor-widget-wrap elementor-element-populated\">\n\t\t\t\t\t\t<div class=\"elementor-element elementor-element-d51d55e elementor-widget-divider--view-line elementor-widget elementor-widget-divider\" data-id=\"d51d55e\" data-element_type=\"widget\" data-widget_type=\"divider.default\">\n\t\t\t\t<div class=\"elementor-widget-container\">\n\t\t\t\t\t\t\t<div class=\"elementor-divider\">\n\t\t\t<span class=\"elementor-divider-separator\">\n\t\t\t\t\t\t<\/span>\n\t\t<\/div>\n\t\t\t\t\t\t<\/div>\n\t\t\t\t<\/div>\n\t\t\t\t\t<\/div>\n\t\t<\/div>\n\t\t\t\t\t<\/div>\n\t\t<\/section>\n\t\t\t\t<section class=\"elementor-section elementor-top-section elementor-element elementor-element-97f06d2 elementor-section-boxed elementor-section-height-default elementor-section-height-default\" data-id=\"97f06d2\" data-element_type=\"section\">\n\t\t\t\t\t\t<div class=\"elementor-container elementor-column-gap-default\">\n\t\t\t\t\t<div class=\"elementor-column elementor-col-33 elementor-top-column elementor-element elementor-element-03b5c94\" data-id=\"03b5c94\" data-element_type=\"column\">\n\t\t\t<div class=\"elementor-widget-wrap elementor-element-populated\">\n\t\t\t\t\t\t<div class=\"elementor-element elementor-element-ff26a39 elementor-widget elementor-widget-image\" data-id=\"ff26a39\" data-element_type=\"widget\" data-widget_type=\"image.default\">\n\t\t\t\t<div class=\"elementor-widget-container\">\n\t\t\t\t\t\t\t\t\t\t\t\t\t\t\t<img loading=\"lazy\" decoding=\"async\" width=\"150\" height=\"150\" src=\"https:\/\/estudioscoreanos.com\/wp-content\/uploads\/2023\/09\/IMG_0272-1-150x150.jpg\" class=\"attachment-thumbnail size-thumbnail wp-image-2592\" alt=\"\" \/>\t\t\t\t\t\t\t\t\t\t\t\t\t\t\t<\/div>\n\t\t\t\t<\/div>\n\t\t\t\t\t<\/div>\n\t\t<\/div>\n\t\t\t\t<div class=\"elementor-column elementor-col-66 elementor-top-column elementor-element elementor-element-276a9ba\" data-id=\"276a9ba\" data-element_type=\"column\">\n\t\t\t<div class=\"elementor-widget-wrap elementor-element-populated\">\n\t\t\t\t\t\t<div class=\"elementor-element elementor-element-c2443f3 elementor-widget elementor-widget-text-editor\" data-id=\"c2443f3\" data-element_type=\"widget\" data-widget_type=\"text-editor.default\">\n\t\t\t\t<div class=\"elementor-widget-container\">\n\t\t\t\t\t\t\t\t\t<p style=\"background: transparent; pointer-events: auto; font-style: normal; font-weight: 400; font-size: 18px; color: rgb(var(--color_19)); margin-block: 0px; margin-bottom: 0px; text-align: justify;\"><span style=\"background: transparent; border: 0px; margin: 0px; outline: 0px; padding: 0px; vertical-align: baseline;\"><span style=\"background: transparent; border: 0px; margin: 0px; outline: 0px; padding: 0px; vertical-align: baseline; font-weight: bold;\">Ph.D. Luciano Dami\u00e1n Bolinaga<\/span><\/span><\/p><p style=\"background: transparent; pointer-events: auto; font-weight: 400; font-size: 16px; color: rgb(var(--color_19)); margin-block: 0px; margin-bottom: 0px; text-align: justify;\"><i>Vocal<\/i><\/p><p style=\"background: transparent; pointer-events: auto; font-style: normal; font-weight: 400; font-size: 16px; color: rgb(var(--color_19)); margin-block: 0px; margin-bottom: 0px; text-align: justify;\"><span style=\"background: transparent; border: 0px; margin: 0px; outline: 0px; padding: 0px; vertical-align: baseline; font-style: italic;\">\u00a0<\/span><\/p><p style=\"text-indent: 0px; background: transparent; pointer-events: auto; font-weight: 400; font-size: 16px; color: rgb(var(--color_19)); margin-block: 0px; margin-bottom: 0px; text-align: justify;\"><span style=\"font-weight: inherit; text-indent: 35.45pt; background-image: initial; background-position: initial; background-size: initial; background-repeat: initial; background-attachment: initial; background-origin: initial; background-clip: initial; color: var(--ast-global-color-3);\"><i>\u00a0<\/i><\/span><span style=\"font-style: inherit; font-weight: inherit; text-indent: 35.45pt; background-image: initial; background-position: initial; background-size: initial; background-repeat: initial; background-attachment: initial; background-origin: initial; background-clip: initial; color: var(--ast-global-color-3); font-family: Lora;\">Graduado del Programa de Estudios Posdoctorales (UNTREF, 2013). Doctor en Relaciones Internacionales (UNR, 2011). Magister en Relaciones Internacionales con Orientaci\u00f3n en Asia Pac\u00edfico (UNLP-IRI, 2009). Licenciado en Relaciones Internacionales (UNR, 2004). Su \u00e1rea de especializaci\u00f3n son las relaciones internacionales con foco en los estudios de Asia y el Pac\u00edfico, sus investigaciones se han centrado en los procesos de modernizaci\u00f3n econ\u00f3mica de Corea, Jap\u00f3n y China y su impacto en la estratificaci\u00f3n internacional de poder y la econom\u00eda mundial. Respecto a los Estudios Coreanos sus investigaciones han prestado particular inter\u00e9s a las relaciones intercoreanas, a la Guerra de Corea, a la pol\u00edtica exterior de ambos Estados Coreanos y sus v\u00ednculos con Am\u00e9rica Latina y el Caribe. Ha sido becario doctoral y posdoctoral del CONICET entre 2005 y 2013.Tambi\u00e9n ha obtenido becas de investigaci\u00f3n del Ministerio de Educaci\u00f3n (2007-2008) y del Ministerio de Unificaci\u00f3n de la Rep\u00fablica de Corea (2019); becas de posgrado de la Comisi\u00f3n Fullbright en Argentina (2008) y de AFS Programas Interculturales (1997) para culminar sus estudios secundarios en el Reino de Tailandia. Se ha desempe\u00f1ado como profesor de grado y posgrado e investigador en diferentes casas de estudios dentro y fuera de la Argentina: Universidad Nacional de Rosario, Universidad Nacional de La Plata, Universidad Abierta Interamericana, Universidad de Kyungnam (Corea del Sur); Universidad de Alcal\u00e1 (Espa\u00f1a); Universidad Tecnol\u00f3gica Nacional; Universidad Austral; entre otras tantas. Ha sido profesor invitado en el Instituto del Servicio Exterior de la Naci\u00f3n, en el Colegio de M\u00e9xico, en la Universidade do Vale do Itaja\u00ed; la Seoul National University; la Universidad Torcuato Di Tella; entre otras. As\u00ed como tambi\u00e9n orador en eventos organizados por el Senado de la Naci\u00f3n de la Rep\u00fablica Argentina, de la Embajada de la Rep\u00fablica de Corea y de la Embajada de la Rep\u00fablica Argentina acreditada en la Rep\u00fablica Popular China. Ha sido Coordinador y Profesor del e-School Program for Latin America coordinado por la Universidad Aut\u00f3noma de Nuevo Le\u00f3n (2015-2018). Ha organizado varios de los Congresos Nacionales de Estudios Coreanos en Argentina y dirigido proyectos de investigaci\u00f3n con el apoyo de la Fundaci\u00f3n Corea. Actualmente, se desempe\u00f1a como Director del Centro de Estudios de Asia de la Escuela de Gobierno de la Universidad Austral, donde adem\u00e1s es Director Ejecutivo del Doctorado en Ciencias Pol\u00edticas y Director Ejecutivo de la Revista Pol\u00edtica Austral. \u00a0<\/span><span style=\"font-style: inherit; font-weight: inherit; text-indent: 35.45pt; background-image: initial; background-position: initial; background-size: initial; background-repeat: initial; background-attachment: initial; background-origin: initial; background-clip: initial; font-family: Lora; color: #373a3c;\"><span style=\"text-align: start;\">Reside actualmente en la ciudad de Rosario (Argentina) junto a su familia. Est\u00e1 casado con Cecilia y es padre de Leonardo y Carola. Las grandes pasiones en su vida son ser acad\u00e9mico, buzo, maratonista y triatleta (un Ironman).<\/span><\/span><\/p>\t\t\t\t\t\t\t\t<\/div>\n\t\t\t\t<\/div>\n\t\t\t\t\t<\/div>\n\t\t<\/div>\n\t\t\t\t\t<\/div>\n\t\t<\/section>\n\t\t\t\t<section class=\"elementor-section elementor-top-section elementor-element elementor-element-dd3fd91 elementor-section-boxed elementor-section-height-default elementor-section-height-default\" data-id=\"dd3fd91\" data-element_type=\"section\">\n\t\t\t\t\t\t<div class=\"elementor-container elementor-column-gap-default\">\n\t\t\t\t\t<div class=\"elementor-column elementor-col-100 elementor-top-column elementor-element elementor-element-9b8262b\" data-id=\"9b8262b\" data-element_type=\"column\">\n\t\t\t<div class=\"elementor-widget-wrap elementor-element-populated\">\n\t\t\t\t\t\t<div class=\"elementor-element elementor-element-984ab1b elementor-widget-divider--view-line elementor-widget elementor-widget-divider\" data-id=\"984ab1b\" data-element_type=\"widget\" data-widget_type=\"divider.default\">\n\t\t\t\t<div class=\"elementor-widget-container\">\n\t\t\t\t\t\t\t<div class=\"elementor-divider\">\n\t\t\t<span class=\"elementor-divider-separator\">\n\t\t\t\t\t\t<\/span>\n\t\t<\/div>\n\t\t\t\t\t\t<\/div>\n\t\t\t\t<\/div>\n\t\t\t\t\t<\/div>\n\t\t<\/div>\n\t\t\t\t\t<\/div>\n\t\t<\/section>\n\t\t\t\t<section class=\"elementor-section elementor-top-section elementor-element elementor-element-17a7b48 elementor-section-boxed elementor-section-height-default elementor-section-height-default\" data-id=\"17a7b48\" data-element_type=\"section\">\n\t\t\t\t\t\t<div class=\"elementor-container elementor-column-gap-default\">\n\t\t\t\t\t<div class=\"elementor-column elementor-col-33 elementor-top-column elementor-element elementor-element-e3e30e7\" data-id=\"e3e30e7\" data-element_type=\"column\">\n\t\t\t<div class=\"elementor-widget-wrap elementor-element-populated\">\n\t\t\t\t\t\t<div class=\"elementor-element elementor-element-cc8c668 elementor-widget elementor-widget-image\" data-id=\"cc8c668\" data-element_type=\"widget\" data-widget_type=\"image.default\">\n\t\t\t\t<div class=\"elementor-widget-container\">\n\t\t\t\t\t\t\t\t\t\t\t\t\t\t\t<img loading=\"lazy\" decoding=\"async\" width=\"150\" height=\"150\" src=\"https:\/\/estudioscoreanos.com\/wp-content\/uploads\/2023\/09\/Giufre-150x150.png\" class=\"attachment-thumbnail size-thumbnail wp-image-1533\" alt=\"\" srcset=\"https:\/\/estudioscoreanos.com\/wp-content\/uploads\/2023\/09\/Giufre-150x150.png 150w, https:\/\/estudioscoreanos.com\/wp-content\/uploads\/2023\/09\/Giufre-300x300.png 300w, https:\/\/estudioscoreanos.com\/wp-content\/uploads\/2023\/09\/Giufre.png 320w\" sizes=\"(max-width: 150px) 100vw, 150px\" \/>\t\t\t\t\t\t\t\t\t\t\t\t\t\t\t<\/div>\n\t\t\t\t<\/div>\n\t\t\t\t\t<\/div>\n\t\t<\/div>\n\t\t\t\t<div class=\"elementor-column elementor-col-66 elementor-top-column elementor-element elementor-element-2958b4a\" data-id=\"2958b4a\" data-element_type=\"column\">\n\t\t\t<div class=\"elementor-widget-wrap elementor-element-populated\">\n\t\t\t\t\t\t<div class=\"elementor-element elementor-element-951ca18 elementor-widget elementor-widget-text-editor\" data-id=\"951ca18\" data-element_type=\"widget\" data-widget_type=\"text-editor.default\">\n\t\t\t\t<div class=\"elementor-widget-container\">\n\t\t\t\t\t\t\t\t\t<p class=\"font_8 wixui-rich-text__text\" style=\"background: transparent; pointer-events: auto; font-style: normal; font-size: 16px; color: rgb(var(--color_19)); margin-block: 0px; margin-bottom: 0px; text-align: justify;\"><b>Mercedes Susana Giuffre<\/b><\/p><p class=\"font_8 wixui-rich-text__text\" style=\"background: transparent; pointer-events: auto; font-style: normal; font-weight: 400; font-size: 16px; color: rgb(var(--color_19)); margin-block: 0px; margin-bottom: 0px; text-align: justify;\"><span class=\"wixui-rich-text__text\" style=\"background: transparent; border: 0px; margin: 0px; outline: 0px; padding: 0px; vertical-align: baseline; font-style: italic;\">Vocal\u00a0<\/span><\/p><p class=\"font_8 wixui-rich-text__text\" style=\"background: transparent; pointer-events: auto; font-style: normal; font-weight: 400; font-size: 16px; color: rgb(var(--color_19)); margin-block: 0px; margin-bottom: 0px; text-align: justify;\"><span class=\"wixui-rich-text__text\" style=\"background: transparent; border: 0px; margin: 0px; outline: 0px; padding: 0px; vertical-align: baseline; font-style: italic;\">\u00a0<\/span><\/p><p class=\"font_8 wixui-rich-text__text\" style=\"background: transparent; pointer-events: auto; font-style: normal; font-weight: 400; font-size: 16px; color: rgb(var(--color_19)); margin-block: 0px; margin-bottom: 0px; text-align: justify;\">\u00a0<\/p><p class=\"font_8 wixui-rich-text__text\" style=\"background: transparent; pointer-events: auto; font-style: normal; font-weight: 400; font-size: 16px; color: rgb(var(--color_19)); margin-block: 0px; margin-bottom: 0px; text-align: justify;\"><span style=\"color: #0e2e47; font-family: futura-lt-w01-light, futura-lt-w05-light, sans-serif;\">\u00a0Mag\u00edster en Filosof\u00eda y Ciencias Pol\u00edticas de la Universidad Nacional de Mar del Plata (UNMdP). Southern Illinois University EEUU (MBA). Doctoranda Multidiversidad Mundo Real Edgar Morin. Su \u00e1rea de especializaci\u00f3n son las Relaciones Internacionales en Asia: Corea y China, y sus relaciones con Argentina. Es Investigadora del Instituto Dr. Carlos Nino de la Facultad de Derecho de la UNMdP. Miembro del IIAS: Leyden International Association for Oriental Studies. Miembro del Consejo Argentino para las Relaciones Internacionales (CARI) donde es Coordinadora del Grupo Corea. Miembro Vocal de ALADAA. Es Visiting Professor en diversas universidades de Asia. Cuenta con numerosas publicaciones especializadas en el campo de los Estudios Coreanos.<\/span><\/p>\t\t\t\t\t\t\t\t<\/div>\n\t\t\t\t<\/div>\n\t\t\t\t\t<\/div>\n\t\t<\/div>\n\t\t\t\t\t<\/div>\n\t\t<\/section>\n\t\t\t\t<section class=\"elementor-section elementor-top-section elementor-element elementor-element-8303693 elementor-section-boxed elementor-section-height-default elementor-section-height-default\" data-id=\"8303693\" data-element_type=\"section\">\n\t\t\t\t\t\t<div class=\"elementor-container elementor-column-gap-default\">\n\t\t\t\t\t<div class=\"elementor-column elementor-col-100 elementor-top-column elementor-element elementor-element-9bf2c77\" data-id=\"9bf2c77\" data-element_type=\"column\">\n\t\t\t<div class=\"elementor-widget-wrap elementor-element-populated\">\n\t\t\t\t\t\t<div class=\"elementor-element elementor-element-ba25374 elementor-widget-divider--view-line elementor-widget elementor-widget-divider\" data-id=\"ba25374\" data-element_type=\"widget\" data-widget_type=\"divider.default\">\n\t\t\t\t<div class=\"elementor-widget-container\">\n\t\t\t\t\t\t\t<div class=\"elementor-divider\">\n\t\t\t<span class=\"elementor-divider-separator\">\n\t\t\t\t\t\t<\/span>\n\t\t<\/div>\n\t\t\t\t\t\t<\/div>\n\t\t\t\t<\/div>\n\t\t\t\t\t<\/div>\n\t\t<\/div>\n\t\t\t\t\t<\/div>\n\t\t<\/section>\n\t\t\t\t<section class=\"elementor-section elementor-top-section elementor-element elementor-element-3cddcf0 elementor-section-boxed elementor-section-height-default elementor-section-height-default\" data-id=\"3cddcf0\" data-element_type=\"section\">\n\t\t\t\t\t\t<div class=\"elementor-container elementor-column-gap-default\">\n\t\t\t\t\t<div class=\"elementor-column elementor-col-33 elementor-top-column elementor-element elementor-element-9091412\" data-id=\"9091412\" data-element_type=\"column\">\n\t\t\t<div class=\"elementor-widget-wrap elementor-element-populated\">\n\t\t\t\t\t\t<div class=\"elementor-element elementor-element-acf52c3 elementor-widget elementor-widget-image\" data-id=\"acf52c3\" data-element_type=\"widget\" data-widget_type=\"image.default\">\n\t\t\t\t<div class=\"elementor-widget-container\">\n\t\t\t\t\t\t\t\t\t\t\t\t\t\t\t<img loading=\"lazy\" decoding=\"async\" width=\"150\" height=\"150\" src=\"https:\/\/estudioscoreanos.com\/wp-content\/uploads\/2023\/09\/Bavoleo-150x150.png\" class=\"attachment-thumbnail size-thumbnail wp-image-1540\" alt=\"\" srcset=\"https:\/\/estudioscoreanos.com\/wp-content\/uploads\/2023\/09\/Bavoleo-150x150.png 150w, https:\/\/estudioscoreanos.com\/wp-content\/uploads\/2023\/09\/Bavoleo-300x300.png 300w, https:\/\/estudioscoreanos.com\/wp-content\/uploads\/2023\/09\/Bavoleo.png 320w\" sizes=\"(max-width: 150px) 100vw, 150px\" \/>\t\t\t\t\t\t\t\t\t\t\t\t\t\t\t<\/div>\n\t\t\t\t<\/div>\n\t\t\t\t\t<\/div>\n\t\t<\/div>\n\t\t\t\t<div class=\"elementor-column elementor-col-66 elementor-top-column elementor-element elementor-element-7828249\" data-id=\"7828249\" data-element_type=\"column\">\n\t\t\t<div class=\"elementor-widget-wrap elementor-element-populated\">\n\t\t\t\t\t\t<div class=\"elementor-element elementor-element-9bf2fc4 elementor-widget elementor-widget-text-editor\" data-id=\"9bf2fc4\" data-element_type=\"widget\" data-widget_type=\"text-editor.default\">\n\t\t\t\t<div class=\"elementor-widget-container\">\n\t\t\t\t\t\t\t\t\t<p class=\"font_8 wixui-rich-text__text\" style=\"background: transparent; pointer-events: auto; font-style: normal; font-size: 16px; color: rgb(var(--color_19)); margin-block: 0px; margin-bottom: 0px; text-align: justify;\"><b>Dra. B\u00e1rbara In\u00e9s Bavoleo<\/b><\/p><p class=\"font_8 wixui-rich-text__text\" style=\"background: transparent; pointer-events: auto; font-weight: 400; font-size: 16px; color: rgb(var(--color_19)); margin-block: 0px; margin-bottom: 0px; text-align: justify;\"><i>Vocal<\/i><\/p><p class=\"font_8 wixui-rich-text__text\" style=\"background: transparent; pointer-events: auto; font-style: normal; font-weight: 400; font-size: 16px; color: rgb(var(--color_19)); margin-block: 0px; margin-bottom: 0px; text-align: justify;\"><span class=\"wixui-rich-text__text\" style=\"background: transparent; border: 0px; margin: 0px; outline: 0px; padding: 0px; vertical-align: baseline; font-style: italic;\">\u00a0<\/span><\/p><p class=\"font_8 wixui-rich-text__text\" style=\"background: transparent; pointer-events: auto; font-style: normal; font-weight: 400; font-size: 16px; color: rgb(var(--color_19)); margin-block: 0px; margin-bottom: 0px; text-align: justify;\">\u00a0B\u00e1rbara Bavoleo es Doctora en Ciencias Sociales por la Universidad de Buenos Aires. Es graduada de la Maestr\u00eda en Estudios de Asia y \u00c1frica con especialidad en Corea por El Colegio de M\u00e9xico y licenciada en Ciencia Pol\u00edtica por la Universidad de Buenos Aires. Ha realizado estudios de idioma coreano en Ewha Womans University en Se\u00fal, Corea del Sur.<br class=\"wixui-rich-text__text\" \/>Es profesora de los programas de Maestr\u00eda y Doctorado del Instituto de Relaciones Internacionales de la Universidad Nacional de La Plata y se desempe\u00f1a, adem\u00e1s, como profesora titula de las materias \u201cHistoria de la Cultura Coreana\u201d en la Licenciatura en Estudios Orientales de la Universidad del Salvador y de \u201cHistoria de Asia\u201d en la Universidad Nacional de General Sarmiento.<br class=\"wixui-rich-text__text\" \/>Ha ingresado a la carrera del investigador cient\u00edfico del Consejo Nacional de Investigaciones Cient\u00edficas y T\u00e9cnicas (Conicet) con sede de trabajo en el Instituto de Relaciones Internacionales de la Universidad Nacional de La Plata, donde coordina el Centro de Estudios Coreanos desde el a\u00f1o 2013.<\/p>\t\t\t\t\t\t\t\t<\/div>\n\t\t\t\t<\/div>\n\t\t\t\t\t<\/div>\n\t\t<\/div>\n\t\t\t\t\t<\/div>\n\t\t<\/section>\n\t\t\t\t<section class=\"elementor-section elementor-top-section elementor-element elementor-element-b90c9c8 elementor-section-boxed elementor-section-height-default elementor-section-height-default\" data-id=\"b90c9c8\" data-element_type=\"section\">\n\t\t\t\t\t\t<div class=\"elementor-container elementor-column-gap-default\">\n\t\t\t\t\t<div class=\"elementor-column elementor-col-100 elementor-top-column elementor-element elementor-element-5d4492f\" data-id=\"5d4492f\" data-element_type=\"column\">\n\t\t\t<div class=\"elementor-widget-wrap elementor-element-populated\">\n\t\t\t\t\t\t<div class=\"elementor-element elementor-element-6a897f1 elementor-widget-divider--view-line elementor-widget elementor-widget-divider\" data-id=\"6a897f1\" data-element_type=\"widget\" data-widget_type=\"divider.default\">\n\t\t\t\t<div class=\"elementor-widget-container\">\n\t\t\t\t\t\t\t<div class=\"elementor-divider\">\n\t\t\t<span class=\"elementor-divider-separator\">\n\t\t\t\t\t\t<\/span>\n\t\t<\/div>\n\t\t\t\t\t\t<\/div>\n\t\t\t\t<\/div>\n\t\t\t\t\t<\/div>\n\t\t<\/div>\n\t\t\t\t\t<\/div>\n\t\t<\/section>\n\t\t\t\t<section class=\"elementor-section elementor-top-section elementor-element elementor-element-3f10ff8 elementor-section-boxed elementor-section-height-default elementor-section-height-default\" data-id=\"3f10ff8\" data-element_type=\"section\">\n\t\t\t\t\t\t<div class=\"elementor-container elementor-column-gap-default\">\n\t\t\t\t\t<div class=\"elementor-column elementor-col-33 elementor-top-column elementor-element elementor-element-a9d684c\" data-id=\"a9d684c\" data-element_type=\"column\">\n\t\t\t<div class=\"elementor-widget-wrap elementor-element-populated\">\n\t\t\t\t\t\t<div class=\"elementor-element elementor-element-4df6ff0 elementor-widget elementor-widget-image\" data-id=\"4df6ff0\" data-element_type=\"widget\" data-widget_type=\"image.default\">\n\t\t\t\t<div class=\"elementor-widget-container\">\n\t\t\t\t\t\t\t\t\t\t\t\t\t\t\t<img loading=\"lazy\" decoding=\"async\" width=\"150\" height=\"150\" src=\"https:\/\/estudioscoreanos.com\/wp-content\/uploads\/2025\/10\/Naessens2-150x150.jpg\" class=\"attachment-thumbnail size-thumbnail wp-image-2836\" alt=\"\" srcset=\"https:\/\/estudioscoreanos.com\/wp-content\/uploads\/2025\/10\/Naessens2-150x150.jpg 150w, https:\/\/estudioscoreanos.com\/wp-content\/uploads\/2025\/10\/Naessens2.jpg 180w\" sizes=\"(max-width: 150px) 100vw, 150px\" \/>\t\t\t\t\t\t\t\t\t\t\t\t\t\t\t<\/div>\n\t\t\t\t<\/div>\n\t\t\t\t\t<\/div>\n\t\t<\/div>\n\t\t\t\t<div class=\"elementor-column elementor-col-66 elementor-top-column elementor-element elementor-element-e262bef\" data-id=\"e262bef\" data-element_type=\"column\">\n\t\t\t<div class=\"elementor-widget-wrap elementor-element-populated\">\n\t\t\t\t\t\t<div class=\"elementor-element elementor-element-a36dd59 elementor-widget elementor-widget-text-editor\" data-id=\"a36dd59\" data-element_type=\"widget\" data-widget_type=\"text-editor.default\">\n\t\t\t\t<div class=\"elementor-widget-container\">\n\t\t\t\t\t\t\t\t\t<p class=\"font_8 wixui-rich-text__text\" style=\"background: transparent; pointer-events: auto; font-style: normal; font-weight: 400; font-size: 18px; color: rgb(var(--color_19)); margin-block: 0px; margin-bottom: 0px; text-align: justify;\"><span class=\"wixui-rich-text__text\" style=\"background: transparent; border: 0px; margin: 0px; outline: 0px; padding: 0px; vertical-align: baseline;\"><span class=\"wixui-rich-text__text\" style=\"background: transparent; border: 0px; margin: 0px; outline: 0px; padding: 0px; vertical-align: baseline; font-weight: bold;\">Lic. Sergio Francisco Naessens<\/span><\/span><\/p><p class=\"font_8 wixui-rich-text__text\" style=\"background: transparent; pointer-events: auto; font-style: normal; font-weight: 400; font-size: 16px; color: rgb(var(--color_19)); margin-block: 0px; margin-bottom: 0px; text-align: justify;\"><span class=\"wixui-rich-text__text\" style=\"background: transparent; border: 0px; margin: 0px; outline: 0px; padding: 0px; vertical-align: baseline; font-style: italic;\">Vocal<\/span><\/p><p class=\"font_8 wixui-rich-text__text\" style=\"background: transparent; pointer-events: auto; font-style: normal; font-weight: 400; font-size: 16px; color: rgb(var(--color_19)); margin-block: 0px; margin-bottom: 0px; text-align: justify;\"><span class=\"wixui-rich-text__text\" style=\"background: transparent; border: 0px; margin: 0px; outline: 0px; padding: 0px; vertical-align: baseline; font-style: italic;\">\u00a0<\/span><\/p><p class=\"font_8 wixui-rich-text__text\" style=\"background: transparent; pointer-events: auto; font-style: normal; font-weight: 400; font-size: 16px; color: rgb(var(--color_19)); margin-block: 0px; margin-bottom: 0px; text-align: justify;\">\u00a0<\/p><p class=\"font_8 wixui-rich-text__text\" style=\"background: transparent; pointer-events: auto; font-style: normal; font-weight: 400; font-size: 16px; color: rgb(var(--color_19)); margin-block: 0px; margin-bottom: 0px; text-align: justify;\">\u00a0Diplomad<span style=\"background-color: transparent; color: rgb(var(--color_19));\">o en Estudios Avanzados y Doctorando en geograf\u00eda de la Universidad de Huelva, Espa\u00f1a. Profesor y Licenciado en Geograf\u00eda de la Universidad Nacional de Tucum\u00e1n (UNT). Es Profesor adjunto con dedicaci\u00f3n exclusiva en \u00abGeograf\u00eda de los Espacios Mundiales\u00bb y por extensi\u00f3n de funciones a cargo de \u00abGeograf\u00eda Social y Cultural\u00bb de la carrera de Geograf\u00eda. Tesorero del Centro de Estudios de Asia y \u00c1frica, Departamento de Geograf\u00eda, Facultad de Filosof\u00eda y Letras de la Universidad Nacional de Tucum\u00e1n. Profesor asociado a cargo de Geograf\u00eda Tur\u00edstica Universal II y Geograf\u00eda Tur\u00edstica Argentina II de la carrera de Turismo, Facultad de Econom\u00eda y Administraci\u00f3n de la Universidad del Norte Santo Tom\u00e1s de Aquino. Es Miembro de la Comisi\u00f3n de Coordinaci\u00f3n Nacional Argentina de la Asociaci\u00f3n Latinoamericana de Estudios sobre Asia y \u00c1frica (ALADAA).<\/span><\/p>\t\t\t\t\t\t\t\t<\/div>\n\t\t\t\t<\/div>\n\t\t\t\t\t<\/div>\n\t\t<\/div>\n\t\t\t\t\t<\/div>\n\t\t<\/section>\n\t\t\t\t<section class=\"elementor-section elementor-top-section elementor-element elementor-element-e56706c elementor-section-boxed elementor-section-height-default elementor-section-height-default\" data-id=\"e56706c\" data-element_type=\"section\">\n\t\t\t\t\t\t<div class=\"elementor-container elementor-column-gap-default\">\n\t\t\t\t\t<div class=\"elementor-column elementor-col-100 elementor-top-column elementor-element elementor-element-141d271\" data-id=\"141d271\" data-element_type=\"column\">\n\t\t\t<div class=\"elementor-widget-wrap elementor-element-populated\">\n\t\t\t\t\t\t<div class=\"elementor-element elementor-element-3ddc239 elementor-widget-divider--view-line elementor-widget elementor-widget-divider\" data-id=\"3ddc239\" data-element_type=\"widget\" data-widget_type=\"divider.default\">\n\t\t\t\t<div class=\"elementor-widget-container\">\n\t\t\t\t\t\t\t<div class=\"elementor-divider\">\n\t\t\t<span class=\"elementor-divider-separator\">\n\t\t\t\t\t\t<\/span>\n\t\t<\/div>\n\t\t\t\t\t\t<\/div>\n\t\t\t\t<\/div>\n\t\t\t\t\t<\/div>\n\t\t<\/div>\n\t\t\t\t\t<\/div>\n\t\t<\/section>\n\t\t\t\t<section class=\"elementor-section elementor-top-section elementor-element elementor-element-ffb8e82 elementor-section-boxed elementor-section-height-default elementor-section-height-default\" data-id=\"ffb8e82\" data-element_type=\"section\">\n\t\t\t\t\t\t<div class=\"elementor-container elementor-column-gap-default\">\n\t\t\t\t\t<div class=\"elementor-column elementor-col-33 elementor-top-column elementor-element elementor-element-7a97165\" data-id=\"7a97165\" data-element_type=\"column\">\n\t\t\t<div class=\"elementor-widget-wrap elementor-element-populated\">\n\t\t\t\t\t\t<div class=\"elementor-element elementor-element-66b45cd elementor-widget elementor-widget-image\" data-id=\"66b45cd\" data-element_type=\"widget\" data-widget_type=\"image.default\">\n\t\t\t\t<div class=\"elementor-widget-container\">\n\t\t\t\t\t\t\t\t\t\t\t\t\t\t\t<img loading=\"lazy\" decoding=\"async\" width=\"150\" height=\"150\" src=\"https:\/\/estudioscoreanos.com\/wp-content\/uploads\/2025\/10\/Mera2-150x150.jpg\" class=\"attachment-thumbnail size-thumbnail wp-image-2838\" alt=\"\" srcset=\"https:\/\/estudioscoreanos.com\/wp-content\/uploads\/2025\/10\/Mera2-150x150.jpg 150w, https:\/\/estudioscoreanos.com\/wp-content\/uploads\/2025\/10\/Mera2.jpg 180w\" sizes=\"(max-width: 150px) 100vw, 150px\" \/>\t\t\t\t\t\t\t\t\t\t\t\t\t\t\t<\/div>\n\t\t\t\t<\/div>\n\t\t\t\t\t<\/div>\n\t\t<\/div>\n\t\t\t\t<div class=\"elementor-column elementor-col-66 elementor-top-column elementor-element elementor-element-4bb1252\" data-id=\"4bb1252\" data-element_type=\"column\">\n\t\t\t<div class=\"elementor-widget-wrap elementor-element-populated\">\n\t\t\t\t\t\t<div class=\"elementor-element elementor-element-7715f1f elementor-widget elementor-widget-text-editor\" data-id=\"7715f1f\" data-element_type=\"widget\" data-widget_type=\"text-editor.default\">\n\t\t\t\t<div class=\"elementor-widget-container\">\n\t\t\t\t\t\t\t\t\t<div id=\"bgLayers_comp-kw7x732w__item-kw7x8p61\" class=\"MW5IWV\" data-hook=\"bgLayers\"><div id=\"bgMedia_comp-kw7x732w__item-kw7x8p61\" class=\"VgO9Yg\">\u00a0<span style=\"font-style: inherit; color: var(--ast-global-color-3);\"><b>Dra. Carolina Mera<\/b><\/span><\/div><\/div><div class=\"\" data-mesh-id=\"comp-kw7x732w__item-kw7x8p61inlineContent\" data-testid=\"inline-content\"><div data-mesh-id=\"comp-kw7x732w__item-kw7x8p61inlineContent-gridContainer\" data-testid=\"mesh-container-content\"><div id=\"comp-kw7xf305__item-kw7x8p61\" class=\"KcpHeO tz5f0K comp-kw7xf305 wixui-rich-text\" data-testid=\"richTextElement\"><p class=\"font_8 wixui-rich-text__text\"><span class=\"wixui-rich-text__text\">V<i>ocal<\/i><\/span><\/p><p class=\"font_8 wixui-rich-text__text\">\u00a0<\/p><p class=\"font_8 wixui-rich-text__text\">\u00a0Doctora en antropolog\u00eda social y etnolog\u00eda urbana y Mag\u00edster en antropolog\u00eda, Ecole des Hautes Etudes en Sciences Sociales. Doctora en ciencias sociales por la Universidad de Buenos Aires (UBA), y Licenciada en Sociolog\u00eda por la misma universidad. Profesora Titular de la materia \u00abChina, Corea y Jap\u00f3n: una mirada hist\u00f3rica, pol\u00edtica, econ\u00f3mica y cultural del Este Asi\u00e1tico\u00bb, Facultad de ciencias sociales de la Universidad de Buenos Aires. Investigadora del Consejo Nacional de Investigaciones Cient\u00edficas y T\u00e9cnicas (CONICET). Directora del Instituto de Investigaciones Gino Germani de la UBA, donde coordina el Grupo de Estudios del Este Asi\u00e1tico y dirige investigaciones y becarios de posgrado. Autora de libros, cap\u00edtulos de libro y numerosos art\u00edculos especializados en revistas nacionales e internacionales. Decana de la Facultad de Ciencias Sociales de la Universidad Nacional de Buenos Aires<\/p><\/div><\/div><\/div>\t\t\t\t\t\t\t\t<\/div>\n\t\t\t\t<\/div>\n\t\t\t\t\t<\/div>\n\t\t<\/div>\n\t\t\t\t\t<\/div>\n\t\t<\/section>\n\t\t\t\t<section class=\"elementor-section elementor-top-section elementor-element elementor-element-d62d203 elementor-section-boxed elementor-section-height-default elementor-section-height-default\" data-id=\"d62d203\" data-element_type=\"section\">\n\t\t\t\t\t\t<div class=\"elementor-container elementor-column-gap-default\">\n\t\t\t\t\t<div class=\"elementor-column elementor-col-100 elementor-top-column elementor-element elementor-element-c2ce385\" data-id=\"c2ce385\" data-element_type=\"column\">\n\t\t\t<div class=\"elementor-widget-wrap elementor-element-populated\">\n\t\t\t\t\t\t<div class=\"elementor-element elementor-element-27ba6e6 elementor-widget-divider--view-line elementor-widget elementor-widget-divider\" data-id=\"27ba6e6\" data-element_type=\"widget\" data-widget_type=\"divider.default\">\n\t\t\t\t<div class=\"elementor-widget-container\">\n\t\t\t\t\t\t\t<div class=\"elementor-divider\">\n\t\t\t<span class=\"elementor-divider-separator\">\n\t\t\t\t\t\t<\/span>\n\t\t<\/div>\n\t\t\t\t\t\t<\/div>\n\t\t\t\t<\/div>\n\t\t\t\t\t<\/div>\n\t\t<\/div>\n\t\t\t\t\t<\/div>\n\t\t<\/section>\n\t\t\t\t<section class=\"elementor-section elementor-top-section elementor-element elementor-element-82e2280 elementor-section-boxed elementor-section-height-default elementor-section-height-default\" data-id=\"82e2280\" data-element_type=\"section\">\n\t\t\t\t\t\t<div class=\"elementor-container elementor-column-gap-default\">\n\t\t\t\t\t<div class=\"elementor-column elementor-col-33 elementor-top-column elementor-element elementor-element-dd545a4\" data-id=\"dd545a4\" data-element_type=\"column\">\n\t\t\t<div class=\"elementor-widget-wrap elementor-element-populated\">\n\t\t\t\t\t\t<div class=\"elementor-element elementor-element-aa89308 elementor-widget elementor-widget-image\" data-id=\"aa89308\" data-element_type=\"widget\" data-widget_type=\"image.default\">\n\t\t\t\t<div class=\"elementor-widget-container\">\n\t\t\t\t\t\t\t\t\t\t\t\t\t\t\t<img loading=\"lazy\" decoding=\"async\" width=\"150\" height=\"150\" src=\"https:\/\/estudioscoreanos.com\/wp-content\/uploads\/2025\/10\/Candia2-150x150.jpg\" class=\"attachment-thumbnail size-thumbnail wp-image-2808\" alt=\"\" \/>\t\t\t\t\t\t\t\t\t\t\t\t\t\t\t<\/div>\n\t\t\t\t<\/div>\n\t\t\t\t\t<\/div>\n\t\t<\/div>\n\t\t\t\t<div class=\"elementor-column elementor-col-66 elementor-top-column elementor-element elementor-element-8efae15\" data-id=\"8efae15\" data-element_type=\"column\">\n\t\t\t<div class=\"elementor-widget-wrap elementor-element-populated\">\n\t\t\t\t\t\t<div class=\"elementor-element elementor-element-f86b929 elementor-widget elementor-widget-text-editor\" data-id=\"f86b929\" data-element_type=\"widget\" data-widget_type=\"text-editor.default\">\n\t\t\t\t<div class=\"elementor-widget-container\">\n\t\t\t\t\t\t\t\t\t<p style=\"background: transparent; pointer-events: auto; font-style: normal; font-weight: 400; font-size: 16px; color: rgb(var(--color_19)); margin-block: 0px; margin-bottom: 0px; text-align: justify;\"><span style=\"background: transparent; border: 0px; margin: 0px; outline: 0px; padding: 0px; vertical-align: baseline; font-weight: bold;\">Lic. Miguel Antonio Candia<\/span><\/p><p style=\"background: transparent; pointer-events: auto; font-weight: 400; font-size: 16px; color: rgb(var(--color_19)); margin-block: 0px; margin-bottom: 0px; text-align: justify;\"><i>Vocal<\/i><\/p><p style=\"background: transparent; pointer-events: auto; font-style: normal; font-weight: 400; font-size: 16px; color: rgb(var(--color_19)); margin-block: 0px; margin-bottom: 0px; text-align: justify;\"><span style=\"background: transparent; border: 0px; margin: 0px; outline: 0px; padding: 0px; vertical-align: baseline; font-style: italic;\">\u00a0<\/span><\/p><p class=\"font8\" style=\"margin: 0cm;\"><span style=\"font-family: Lora; color: #0e2e47; background-image: initial; background-position: initial; background-size: initial; background-repeat: initial; background-attachment: initial; background-origin: initial; background-clip: initial;\">\u00a0Licenciado en Historia por la Universidad Nacional de C\u00f3rdoba, Profesor en Historia por la misma Universidad; Curso de especializaci\u00f3n por la Universidad de Leiden, Holanda \u201cProcesos de Integraci\u00f3n en Europa, Asia y Am\u00e9rica Latina,\u201d. Ha sido Auxiliar Docente en la C\u00e1tedra de Historia Contempor\u00e1nea de Asia y \u00c1frica, Escuela de Historia, FFyH, UNC; JTP en el Curso de Ingreso a la Carrera de Historia y Integrante del Programa de Estudios de Asia Oriental, Centro de Estudios Avanzados, UNC, 2005-2011. Temas de inter\u00e9s e investigaci\u00f3n: Orientalismo. Im\u00e1genes y concepciones sobre Oriente a trav\u00e9s de revistas y obras literarias argentinas de distintos per\u00edodos del siglo XX.<\/span><\/p>\t\t\t\t\t\t\t\t<\/div>\n\t\t\t\t<\/div>\n\t\t\t\t\t<\/div>\n\t\t<\/div>\n\t\t\t\t\t<\/div>\n\t\t<\/section>\n\t\t\t\t<section class=\"elementor-section elementor-top-section elementor-element elementor-element-00d2235 elementor-section-boxed elementor-section-height-default elementor-section-height-default\" data-id=\"00d2235\" data-element_type=\"section\">\n\t\t\t\t\t\t<div class=\"elementor-container elementor-column-gap-default\">\n\t\t\t\t\t<div class=\"elementor-column elementor-col-100 elementor-top-column elementor-element elementor-element-b3c5800\" data-id=\"b3c5800\" data-element_type=\"column\">\n\t\t\t<div class=\"elementor-widget-wrap elementor-element-populated\">\n\t\t\t\t\t\t<div class=\"elementor-element elementor-element-85e880e elementor-widget-divider--view-line elementor-widget elementor-widget-divider\" data-id=\"85e880e\" data-element_type=\"widget\" data-widget_type=\"divider.default\">\n\t\t\t\t<div class=\"elementor-widget-container\">\n\t\t\t\t\t\t\t<div class=\"elementor-divider\">\n\t\t\t<span class=\"elementor-divider-separator\">\n\t\t\t\t\t\t<\/span>\n\t\t<\/div>\n\t\t\t\t\t\t<\/div>\n\t\t\t\t<\/div>\n\t\t\t\t\t<\/div>\n\t\t<\/div>\n\t\t\t\t\t<\/div>\n\t\t<\/section>\n\t\t\t\t<section class=\"elementor-section elementor-top-section elementor-element elementor-element-5dad21f elementor-section-boxed elementor-section-height-default elementor-section-height-default\" data-id=\"5dad21f\" data-element_type=\"section\">\n\t\t\t\t\t\t<div class=\"elementor-container elementor-column-gap-default\">\n\t\t\t\t\t<div class=\"elementor-column elementor-col-33 elementor-top-column elementor-element elementor-element-b4caa66\" data-id=\"b4caa66\" data-element_type=\"column\">\n\t\t\t<div class=\"elementor-widget-wrap elementor-element-populated\">\n\t\t\t\t\t\t<div class=\"elementor-element elementor-element-ff46b0e elementor-widget elementor-widget-image\" data-id=\"ff46b0e\" data-element_type=\"widget\" data-widget_type=\"image.default\">\n\t\t\t\t<div class=\"elementor-widget-container\">\n\t\t\t\t\t\t\t\t\t\t\t\t\t\t\t<img decoding=\"async\" src=\"https:\/\/estudioscoreanos.com\/wp-content\/uploads\/2023\/09\/Dante-Anderson.webp\" title=\"Dante Anderson\" alt=\"Dante Anderson\" loading=\"lazy\" \/>\t\t\t\t\t\t\t\t\t\t\t\t\t\t\t<\/div>\n\t\t\t\t<\/div>\n\t\t\t\t\t<\/div>\n\t\t<\/div>\n\t\t\t\t<div class=\"elementor-column elementor-col-66 elementor-top-column elementor-element elementor-element-d4e4909\" data-id=\"d4e4909\" data-element_type=\"column\">\n\t\t\t<div class=\"elementor-widget-wrap elementor-element-populated\">\n\t\t\t\t\t\t<div class=\"elementor-element elementor-element-b5dd5e8 elementor-widget elementor-widget-text-editor\" data-id=\"b5dd5e8\" data-element_type=\"widget\" data-widget_type=\"text-editor.default\">\n\t\t\t\t<div class=\"elementor-widget-container\">\n\t\t\t\t\t\t\t\t\t<p class=\"font_8 wixui-rich-text__text\" style=\"background: transparent; pointer-events: auto; font-style: normal; font-weight: 400; font-size: 18px; color: rgb(var(--color_19)); margin-block: 0px; margin-bottom: 0px; text-align: justify;\"><span class=\"wixui-rich-text__text\" style=\"background: transparent; border: 0px; margin: 0px; outline: 0px; padding: 0px; vertical-align: baseline;\"><span class=\"wixui-rich-text__text\" style=\"background: transparent; border: 0px; margin: 0px; outline: 0px; padding: 0px; vertical-align: baseline; font-weight: bold;\">Dante Anderson&nbsp;<\/span><\/span><\/p>\n<p class=\"font_8 wixui-rich-text__text\" style=\"background: transparent; pointer-events: auto; font-style: normal; font-weight: 400; font-size: 16px; color: rgb(var(--color_19)); margin-block: 0px; margin-bottom: 0px; text-align: justify;\"><span class=\"wixui-rich-text__text\" style=\"background: transparent; border: 0px; margin: 0px; outline: 0px; padding: 0px; vertical-align: baseline; font-style: italic;\">Vocal<\/span><\/p>\n<p class=\"font_8 wixui-rich-text__text\" style=\"background: transparent; pointer-events: auto; font-style: normal; font-weight: 400; font-size: 16px; color: rgb(var(--color_19)); margin-block: 0px; margin-bottom: 0px; text-align: justify;\">\n<\/p><p class=\"font_8 wixui-rich-text__text\" style=\"background: transparent; pointer-events: auto; font-style: normal; font-weight: 400; font-size: 16px; color: rgb(var(--color_19)); margin-block: 0px; margin-bottom: 0px; text-align: justify;\">&nbsp;Licenciado en Historia por la (UNC) y Diplomado en Estudios Coreanos (USAL), Investigador del Programa de Estudios Coreanos y del NE. Asi\u00e1tico (UNC), Miembro de la Asociaci\u00f3n Argentina de Estudios Coreanos (AAEC). Ha participado activamente en eventos acad\u00e9micos como disertante, y publicado art\u00edculos en libros colectivos, revistas y memorias de congresos, vinculados &nbsp;a la pol\u00edtica internacional &nbsp;y a la historia reciente de ambas Coreas.<\/p>\t\t\t\t\t\t\t\t<\/div>\n\t\t\t\t<\/div>\n\t\t\t\t\t<\/div>\n\t\t<\/div>\n\t\t\t\t\t<\/div>\n\t\t<\/section>\n\t\t\t\t<section class=\"elementor-section elementor-top-section elementor-element elementor-element-ca98bb5 elementor-section-boxed elementor-section-height-default elementor-section-height-default\" data-id=\"ca98bb5\" data-element_type=\"section\">\n\t\t\t\t\t\t<div class=\"elementor-container elementor-column-gap-default\">\n\t\t\t\t\t<div class=\"elementor-column elementor-col-100 elementor-top-column elementor-element elementor-element-16d2128\" data-id=\"16d2128\" data-element_type=\"column\">\n\t\t\t<div class=\"elementor-widget-wrap elementor-element-populated\">\n\t\t\t\t\t\t<div class=\"elementor-element elementor-element-352c9fd elementor-widget-divider--view-line elementor-widget elementor-widget-divider\" data-id=\"352c9fd\" data-element_type=\"widget\" data-widget_type=\"divider.default\">\n\t\t\t\t<div class=\"elementor-widget-container\">\n\t\t\t\t\t\t\t<div class=\"elementor-divider\">\n\t\t\t<span class=\"elementor-divider-separator\">\n\t\t\t\t\t\t<\/span>\n\t\t<\/div>\n\t\t\t\t\t\t<\/div>\n\t\t\t\t<\/div>\n\t\t\t\t\t<\/div>\n\t\t<\/div>\n\t\t\t\t\t<\/div>\n\t\t<\/section>\n\t\t\t\t<section class=\"elementor-section elementor-top-section elementor-element elementor-element-6ed1fbc elementor-section-boxed elementor-section-height-default elementor-section-height-default\" data-id=\"6ed1fbc\" data-element_type=\"section\">\n\t\t\t\t\t\t<div class=\"elementor-container elementor-column-gap-default\">\n\t\t\t\t\t<div class=\"elementor-column elementor-col-33 elementor-top-column elementor-element elementor-element-e549806\" data-id=\"e549806\" data-element_type=\"column\">\n\t\t\t<div class=\"elementor-widget-wrap elementor-element-populated\">\n\t\t\t\t\t\t<div class=\"elementor-element elementor-element-26d5f58 elementor-widget elementor-widget-image\" data-id=\"26d5f58\" data-element_type=\"widget\" data-widget_type=\"image.default\">\n\t\t\t\t<div class=\"elementor-widget-container\">\n\t\t\t\t\t\t\t\t\t\t\t\t\t\t\t<img loading=\"lazy\" decoding=\"async\" width=\"150\" height=\"150\" src=\"https:\/\/estudioscoreanos.com\/wp-content\/uploads\/2025\/10\/Santarrosa2-150x150.jpg\" class=\"attachment-thumbnail size-thumbnail wp-image-2832\" alt=\"\" srcset=\"https:\/\/estudioscoreanos.com\/wp-content\/uploads\/2025\/10\/Santarrosa2-150x150.jpg 150w, https:\/\/estudioscoreanos.com\/wp-content\/uploads\/2025\/10\/Santarrosa2.jpg 180w\" sizes=\"(max-width: 150px) 100vw, 150px\" \/>\t\t\t\t\t\t\t\t\t\t\t\t\t\t\t<\/div>\n\t\t\t\t<\/div>\n\t\t\t\t\t<\/div>\n\t\t<\/div>\n\t\t\t\t<div class=\"elementor-column elementor-col-66 elementor-top-column elementor-element elementor-element-e8f0719\" data-id=\"e8f0719\" data-element_type=\"column\">\n\t\t\t<div class=\"elementor-widget-wrap elementor-element-populated\">\n\t\t\t\t\t\t<div class=\"elementor-element elementor-element-c0aaaef elementor-widget elementor-widget-text-editor\" data-id=\"c0aaaef\" data-element_type=\"widget\" data-widget_type=\"text-editor.default\">\n\t\t\t\t<div class=\"elementor-widget-container\">\n\t\t\t\t\t\t\t\t\t<p style=\"background: transparent; pointer-events: auto; font-style: normal; font-weight: 400; font-size: 18px; color: rgb(var(--color_19)); margin-block: 0px; margin-bottom: 0px;\"><span style=\"background: transparent; border: 0px; margin: 0px; outline: 0px; padding: 0px; vertical-align: baseline;\"><span style=\"background: transparent; border: 0px; margin: 0px; outline: 0px; padding: 0px; vertical-align: baseline; font-weight: bold;\">Lic. Jorge Santarrosa<\/span><\/span><\/p><p style=\"background: transparent; pointer-events: auto; font-style: normal; font-weight: 400; font-size: 16px; color: rgb(var(--color_19)); margin-block: 0px; margin-bottom: 0px;\"><span style=\"background: transparent; border: 0px; margin: 0px; outline: 0px; padding: 0px; vertical-align: baseline; font-style: italic;\">Vocal<\/span><\/p><p style=\"background: transparent; pointer-events: auto; font-style: normal; font-weight: 400; font-size: 16px; color: rgb(var(--color_19)); margin-block: 0px; margin-bottom: 0px;\">\u00a0<\/p><p style=\"background: transparent; pointer-events: auto; font-style: normal; font-weight: 400; font-size: 16px; color: rgb(var(--color_19)); margin-block: 0px; margin-bottom: 0px;\">\u00a0Licenciado en Historia. Facultad de Filosof\u00eda y Humanidades, Universidad Nacional de C\u00f3rdoba. Profesor Adjunto de dedicaci\u00f3n semiexclusiva, a cargo de Historia Contempor\u00e1nea de Asia y \u00c1frica. Escuela de Historia. Facultad de Filosof\u00eda y Humanidades. Universidad Nacional de C\u00f3rdoba<\/p><p>\u00a0<\/p>\t\t\t\t\t\t\t\t<\/div>\n\t\t\t\t<\/div>\n\t\t\t\t\t<\/div>\n\t\t<\/div>\n\t\t\t\t\t<\/div>\n\t\t<\/section>\n\t\t\t\t<section class=\"elementor-section elementor-top-section elementor-element elementor-element-0cbd901 elementor-section-boxed elementor-section-height-default elementor-section-height-default\" data-id=\"0cbd901\" data-element_type=\"section\">\n\t\t\t\t\t\t<div class=\"elementor-container elementor-column-gap-default\">\n\t\t\t\t\t<div class=\"elementor-column elementor-col-100 elementor-top-column elementor-element elementor-element-3ca5f6e\" data-id=\"3ca5f6e\" data-element_type=\"column\">\n\t\t\t<div class=\"elementor-widget-wrap elementor-element-populated\">\n\t\t\t\t\t\t<div class=\"elementor-element elementor-element-9173c34 elementor-widget-divider--view-line elementor-widget elementor-widget-divider\" data-id=\"9173c34\" data-element_type=\"widget\" data-widget_type=\"divider.default\">\n\t\t\t\t<div class=\"elementor-widget-container\">\n\t\t\t\t\t\t\t<div class=\"elementor-divider\">\n\t\t\t<span class=\"elementor-divider-separator\">\n\t\t\t\t\t\t<\/span>\n\t\t<\/div>\n\t\t\t\t\t\t<\/div>\n\t\t\t\t<\/div>\n\t\t\t\t\t<\/div>\n\t\t<\/div>\n\t\t\t\t\t<\/div>\n\t\t<\/section>\n\t\t\t\t<section class=\"elementor-section elementor-top-section elementor-element elementor-element-722c1ef elementor-section-boxed elementor-section-height-default elementor-section-height-default\" data-id=\"722c1ef\" data-element_type=\"section\">\n\t\t\t\t\t\t<div class=\"elementor-container elementor-column-gap-default\">\n\t\t\t\t\t<div class=\"elementor-column elementor-col-33 elementor-top-column elementor-element elementor-element-142fde3\" data-id=\"142fde3\" data-element_type=\"column\">\n\t\t\t<div class=\"elementor-widget-wrap elementor-element-populated\">\n\t\t\t\t\t\t<div class=\"elementor-element elementor-element-964f8be elementor-widget elementor-widget-image\" data-id=\"964f8be\" data-element_type=\"widget\" data-widget_type=\"image.default\">\n\t\t\t\t<div class=\"elementor-widget-container\">\n\t\t\t\t\t\t\t\t\t\t\t\t\t\t\t<img loading=\"lazy\" decoding=\"async\" width=\"150\" height=\"150\" src=\"https:\/\/estudioscoreanos.com\/wp-content\/uploads\/2025\/12\/Julian-Mesas-150x150.jpg\" class=\"attachment-thumbnail size-thumbnail wp-image-2863\" alt=\"\" \/>\t\t\t\t\t\t\t\t\t\t\t\t\t\t\t<\/div>\n\t\t\t\t<\/div>\n\t\t\t\t\t<\/div>\n\t\t<\/div>\n\t\t\t\t<div class=\"elementor-column elementor-col-66 elementor-top-column elementor-element elementor-element-3bedd57\" data-id=\"3bedd57\" data-element_type=\"column\">\n\t\t\t<div class=\"elementor-widget-wrap elementor-element-populated\">\n\t\t\t\t\t\t<div class=\"elementor-element elementor-element-9d35d86 elementor-widget__width-initial elementor-widget elementor-widget-text-editor\" data-id=\"9d35d86\" data-element_type=\"widget\" data-widget_type=\"text-editor.default\">\n\t\t\t\t<div class=\"elementor-widget-container\">\n\t\t\t\t\t\t\t\t\t<p style=\"background: transparent; pointer-events: auto; font-style: normal; font-size: 18px; color: rgb(var(--color_19)); margin-block: 0px; margin-bottom: 0px;\"><b>Julian Mesas<\/b><\/p><p style=\"background: transparent; pointer-events: auto; font-style: normal; font-weight: 400; font-size: 16px; color: rgb(var(--color_19)); margin-block: 0px; margin-bottom: 0px;\"><span style=\"background: transparent; border: 0px; margin: 0px; outline: 0px; padding: 0px; vertical-align: baseline; font-style: italic;\">Vocal<\/span><\/p><p style=\"background: transparent; pointer-events: auto; font-style: normal; font-weight: 400; font-size: 16px; color: rgb(var(--color_19)); margin-block: 0px; margin-bottom: 0px;\"><span style=\"background: transparent; border: 0px; margin: 0px; outline: 0px; padding: 0px; vertical-align: baseline; font-style: italic;\">\u00a0<\/span><\/p><p style=\"background: transparent; pointer-events: auto; font-style: normal; font-weight: 400; font-size: 16px; color: rgb(var(--color_19)); margin-block: 0px; margin-bottom: 0px;\">\u00a0<\/p><p style=\"background: transparent; pointer-events: auto; font-style: normal; font-weight: 400; font-size: 16px; color: rgb(var(--color_19)); margin-block: 0px; margin-bottom: 0px;\">\u00a0<span style=\"font-family: 'Times New Roman', serif; font-size: 12pt;\">Profesor en Historia por la Universidad Nacional del Centro de la Provincia de Buenos Aires (UNCPBA) y actualmente Maestrando en Ciencias Sociales por la misma universidad. Diplomado en Estudios Asi\u00e1ticos por el PUEAAO de la Universidad Nacional Aut\u00f3noma de M\u00e9xico (UNAM). Especialista en Pensamiento Pol\u00edtico No Occidental por la Universidad de Buenos Aires (UBA). Ha escrito y presentado art\u00edculos y ponencias en diversos congresos y jornadas especializadas acerca de los estudios coreanos, en particular sobre los procesos pol\u00edticos, sociales y culturales acontecidos en la pen\u00ednsula coreana desde fines del siglo XIX y durante el per\u00edodo de ocupaci\u00f3n japonesa.<\/span><\/p><p><!-- [if gte vml 1]><v:shapetype id=\"_x0000_t75\" coordsize=\"21600,21600\" o:spt=\"75\" o:preferrelative=\"t\" path=\"m@4@5l@4@11@9@11@9@5xe\" filled=\"f\" stroked=\"f\"><br \/> <v:stroke joinstyle=\"miter\"\/><br \/> <v:formulas><br \/>  <v:f eqn=\"if lineDrawn pixelLineWidth 0\"\/><br \/>  <v:f eqn=\"sum @0 1 0\"\/><br \/>  <v:f eqn=\"sum 0 0 @1\"\/><br \/>  <v:f eqn=\"prod @2 1 2\"\/><br \/>  <v:f eqn=\"prod @3 21600 pixelWidth\"\/><br \/>  <v:f eqn=\"prod @3 21600 pixelHeight\"\/><br \/>  <v:f eqn=\"sum @0 0 1\"\/><br \/>  <v:f eqn=\"prod @6 1 2\"\/><br \/>  <v:f eqn=\"prod @7 21600 pixelWidth\"\/><br \/>  <v:f eqn=\"sum @8 21600 0\"\/><br \/>  <v:f eqn=\"prod @7 21600 pixelHeight\"\/><br \/>  <v:f eqn=\"sum @10 21600 0\"\/><br \/> <\/v:formulas><br \/> <v:path o:extrusionok=\"f\" gradientshapeok=\"t\" o:connecttype=\"rect\"\/><br \/> <o:lock v:ext=\"edit\" aspectratio=\"t\"\/><br \/><\/v:shapetype><v:shape id=\"_x0000_s1026\" type=\"#_x0000_t75\" style='position:absolute; left:0;text-align:left;margin-left:0;margin-top:171.7pt;width:156.9pt; height:209.4pt;z-index:-251658752;mso-position-horizontal-relative:text; mso-position-vertical-relative:text' wrapcoords=\"-36 0 -36 21573 21600 21573 21600 0 -36 0\"><br \/> <v:imagedata src=\"file:\/\/\/C:\/Users\/Franco\/AppData\/Local\/Temp\/msohtmlclip1\/01\/clip_image001.jpg\" o:title=\"WhatsApp Image 2025-12-19 at 14.11\"\/><br \/> <w:wrap type=\"tight\"\/><br \/><\/v:shape><![endif]--><!-- [if !vml]--><br \/><br \/><\/p><p>\u00a0<\/p>\t\t\t\t\t\t\t\t<\/div>\n\t\t\t\t<\/div>\n\t\t\t\t\t<\/div>\n\t\t<\/div>\n\t\t\t\t\t<\/div>\n\t\t<\/section>\n\t\t\t\t<\/div>\n\t\t","protected":false},"excerpt":{"rendered":"<p>\u00a0Mgtr.\u00a0Luciano Mart\u00edn Lanare\u00a0 Presidente \u00a0 \u00a0Profesor en Historia por la Universidad Nacional de La Plata (UNLP). Mag\u00edster en Ciencias Sociales por la Universidad Nacional del Centro de la Provincia de Buenos Aires (UNICEN). Doctorando en Historia por la UNLP. Presidente de la Asociaci\u00f3n Argentina de Estudios Coreanos (AAEC) para el periodo 2025-2027. Docente de la &hellip;<\/p>\n<p class=\"read-more\"> <a class=\"\" href=\"https:\/\/estudioscoreanos.com\/index.php\/services\/\"> <span class=\"screen-reader-text\">Miembros<\/span> Leer m\u00e1s &raquo;<\/a><\/p>\n","protected":false},"author":1,"featured_media":0,"parent":0,"menu_order":0,"comment_status":"closed","ping_status":"closed","template":"elementor_header_footer","meta":{"_monsterinsights_skip_tracking":false,"_monsterinsights_sitenote_active":false,"_monsterinsights_sitenote_note":"","_monsterinsights_sitenote_category":0,"site-sidebar-layout":"no-sidebar","site-content-layout":"page-builder","ast-site-content-layout":"full-width-container","site-content-style":"unboxed","site-sidebar-style":"unboxed","ast-global-header-display":"","ast-banner-title-visibility":"","ast-main-header-display":"","ast-hfb-above-header-display":"","ast-hfb-below-header-display":"","ast-hfb-mobile-header-display":"","site-post-title":"disabled","ast-breadcrumbs-content":"","ast-featured-img":"disabled","footer-sml-layout":"","theme-transparent-header-meta":"disabled","adv-header-id-meta":"","stick-header-meta":"","header-above-stick-meta":"","header-main-stick-meta":"","header-below-stick-meta":"","astra-migrate-meta-layouts":"set","footnotes":""},"aioseo_notices":[],"rttpg_featured_image_url":null,"rttpg_author":{"display_name":"estudioscoreanos.com","author_link":"https:\/\/estudioscoreanos.com\/index.php\/author\/estudioscoreanos-com\/"},"rttpg_comment":0,"rttpg_category":null,"rttpg_excerpt":"\u00a0Mgtr.\u00a0Luciano Mart\u00edn Lanare\u00a0 Presidente \u00a0 \u00a0Profesor en Historia por la Universidad Nacional de La Plata (UNLP). Mag\u00edster en Ciencias Sociales por la Universidad Nacional del Centro de la Provincia de Buenos Aires (UNICEN). Doctorando en Historia por la UNLP. Presidente de la Asociaci\u00f3n Argentina de Estudios Coreanos (AAEC) para el periodo 2025-2027. Docente de la&hellip;","_links":{"self":[{"href":"https:\/\/estudioscoreanos.com\/index.php\/wp-json\/wp\/v2\/pages\/15"}],"collection":[{"href":"https:\/\/estudioscoreanos.com\/index.php\/wp-json\/wp\/v2\/pages"}],"about":[{"href":"https:\/\/estudioscoreanos.com\/index.php\/wp-json\/wp\/v2\/types\/page"}],"author":[{"embeddable":true,"href":"https:\/\/estudioscoreanos.com\/index.php\/wp-json\/wp\/v2\/users\/1"}],"replies":[{"embeddable":true,"href":"https:\/\/estudioscoreanos.com\/index.php\/wp-json\/wp\/v2\/comments?post=15"}],"version-history":[{"count":110,"href":"https:\/\/estudioscoreanos.com\/index.php\/wp-json\/wp\/v2\/pages\/15\/revisions"}],"predecessor-version":[{"id":2866,"href":"https:\/\/estudioscoreanos.com\/index.php\/wp-json\/wp\/v2\/pages\/15\/revisions\/2866"}],"wp:attachment":[{"href":"https:\/\/estudioscoreanos.com\/index.php\/wp-json\/wp\/v2\/media?parent=15"}],"curies":[{"name":"wp","href":"https:\/\/api.w.org\/{rel}","templated":true}]}}